{"id":159,"date":"2024-02-04T20:12:47","date_gmt":"2024-02-04T20:12:47","guid":{"rendered":"https:\/\/kuvataideterapia.fi\/?page_id=159"},"modified":"2024-06-05T14:34:30","modified_gmt":"2024-06-05T12:34:30","slug":"yksiloille","status":"publish","type":"page","link":"https:\/\/kuvataideterapia.fi\/index.php\/yksiloille\/","title":{"rendered":"Naisille ja sateenkaari-ihmisille"},"content":{"rendered":"<div data-colibri-id=\"159-c1\" class=\"style-318 style-local-159-c1 position-relative\">\n  <!---->\n  <div data-colibri-component=\"section\" data-colibri-id=\"159-c2\" id=\"about-2\" class=\"h-section h-section-global-spacing d-flex align-items-lg-center align-items-md-center align-items-center style-447 style-local-159-c2 position-relative\">\n    <!---->\n    <!---->\n    <div class=\"h-section-grid-container h-section-boxed-container\">\n      <!---->\n      <div data-colibri-id=\"159-c3\" class=\"h-row-container gutters-row-lg-0 gutters-row-md-0 gutters-row-0 gutters-row-v-lg-0 gutters-row-v-md-0 gutters-row-v-0 style-448 style-local-159-c3 position-relative\">\n        <!---->\n        <div class=\"h-row justify-content-lg-center justify-content-md-center justify-content-center align-items-lg-stretch align-items-md-stretch align-items-stretch gutters-col-lg-0 gutters-col-md-0 gutters-col-0 gutters-col-v-lg-0 gutters-col-v-md-0 gutters-col-v-0\">\n          <!---->\n          <div class=\"h-column h-column-container d-flex h-col-lg-auto h-col-md-auto h-col-auto style-449-outer style-local-159-c4-outer\">\n            <div data-colibri-id=\"159-c4\" class=\"d-flex h-flex-basis h-column__inner h-px-lg-0 h-px-md-0 h-px-0 v-inner-lg-0 v-inner-md-0 v-inner-0 style-449 style-local-159-c4 position-relative\">\n              <!---->\n              <!---->\n              <div class=\"w-100 h-y-container h-column__content h-column__v-align flex-basis-100 align-self-lg-start align-self-md-start align-self-start\">\n                <!---->\n                <div data-colibri-id=\"159-c5\" class=\"h-global-transition-all h-heading style-450 style-local-159-c5 position-relative h-element\">\n                  <!---->\n                  <div class=\"h-heading__outer style-450 style-local-159-c5\">\n                    <!---->\n                    <!---->\n                    <h6 class=\"\">Yksil\u00f6ille<\/h6>\n                  <\/div>\n                <\/div>\n                <div data-colibri-id=\"159-c6\" class=\"h-global-transition-all h-heading style-451 style-local-159-c6 position-relative h-element\">\n                  <!---->\n                  <div class=\"h-heading__outer style-451 style-local-159-c6\">\n                    <!---->\n                    <!---->\n                    <h4 class=\"\">Kasvokkaisista yksil\u00f6tapaamisista voimavaroja vahvistaviin nettiryhmiin<\/h4>\n                  <\/div>\n                <\/div>\n                <div data-colibri-id=\"159-c7\" class=\"h-text h-text-component style-452 style-local-159-c7 position-relative h-element\">\n                  <!---->\n                  <!---->\n                  <div class=\"\">\n                    <p>Tarjoan yksil\u00f6ille ratkaisukeskeist\u00e4 kuvataideterapiaa kasvokkain ja et\u00e4tapaamisina, voimavarakurssia sek\u00e4 voimavararyhmi\u00e4 nettiryhmin\u00e4 ja <span style=\"color: rgb(153, 153, 153); font-family: &quot;Open Sans&quot;; font-size: 16px; font-weight: 400;\">kasvokkain tapaavina ryhmin\u00e4.&nbsp;<\/span><\/p>\n                    <p>Kuvataideterapia soveltuu monenlaiseen yksil\u00f6ty\u00f6skentelyyn ja el\u00e4m\u00e4n haasteiden k\u00e4sittelyyn.<\/p>\n                    <p><span style=\"color: rgb(153, 153, 153); font-family: &quot;Open Sans&quot;; font-size: 16px; font-weight: 400;\">El\u00e4m\u00e4n haasteiden k\u00e4sittelyyn sopii my\u00f6s voimavararyhm\u00e4n tai vomavarakurssin ja yksil\u00f6tapaamisten yhdistelm\u00e4, jossa haasteet k\u00e4sitell\u00e4\u00e4n pidemmill\u00e4 kahdenkeskisill\u00e4 tapaamisilla.<\/span><\/p>\n                    <p>Voimavarakurssi eroaa nettiv\u00e4litteisest\u00e4 yksil\u00f6terapiasta siten ett\u00e4 teokset tehd\u00e4\u00e4n kotiteht\u00e4v\u00e4n\u00e4 ennen tapaamisen&nbsp;alkua. Voimavarakurssi sopii silloin kun p\u00e4rj\u00e4\u00e4t haasteidesi kanssa arkip\u00e4iv\u00e4ss\u00e4, mutta tahdot ty\u00f6st\u00e4\u00e4 ja lis\u00e4t\u00e4\n                      voimavarojasi.<\/p>\n                    <p>Ryhm\u00e4t sopivat erityisesti voimavarojen ja itsetunnon vahvistamiseen, sill\u00e4 vertaistuki on voimallista. Ammattilaisena pid\u00e4n yhdess\u00e4 teid\u00e4n kanssanne huolta ryhm\u00e4n ilmapiirist\u00e4, jotta jokainen tulisi n\u00e4hdyksi ja kuulluksi omana itsen\u00e4\u00e4n\n                      my\u00f6nteisess\u00e4 valossa.<\/p>\n                    <p>\n                      <br>\n                    <\/p>\n                    <p>Kuva: Tiina H\u00e4m\u00e4l\u00e4inen 2023<\/p>\n                  <\/div>\n                <\/div>\n              <\/div>\n            <\/div>\n          <\/div>\n          <div class=\"h-column h-column-container d-flex h-col-lg-auto h-col-md-auto h-col-auto style-453-outer style-local-159-c8-outer\">\n            <div data-colibri-id=\"159-c8\" class=\"d-flex h-flex-basis h-column__inner h-ui-empty-state-container h-px-lg-2 h-px-md-2 h-px-2 v-inner-lg-2 v-inner-md-2 v-inner-2 style-453 style-local-159-c8 position-relative\">\n              <!---->\n              <!---->\n              <div class=\"w-100 h-y-container h-column__content h-column__v-align flex-basis-100\">\n                <!---->\n              <\/div>\n            <\/div>\n          <\/div>\n        <\/div>\n      <\/div>\n      <div data-colibri-id=\"159-c9\" class=\"h-row-container gutters-row-lg-2 gutters-row-md-2 gutters-row-0 gutters-row-v-lg-2 gutters-row-v-md-2 gutters-row-v-2 style-718 style-local-159-c9 position-relative\">\n        <!---->\n        <div class=\"h-row justify-content-lg-center justify-content-md-center justify-content-center align-items-lg-stretch align-items-md-stretch align-items-stretch gutters-col-lg-2 gutters-col-md-2 gutters-col-0 gutters-col-v-lg-2 gutters-col-v-md-2 gutters-col-v-2\">\n          <!---->\n          <div class=\"h-column h-column-container d-flex h-col-lg-auto h-col-md-auto h-col-auto style-719-outer style-local-159-c10-outer\">\n            <div data-colibri-id=\"159-c10\" class=\"d-flex h-flex-basis h-column__inner h-ui-empty-state-container h-px-lg-2 h-px-md-2 h-px-2 v-inner-lg-2 v-inner-md-2 v-inner-2 style-719 style-local-159-c10 position-relative\">\n              <!---->\n              <!---->\n              <div class=\"w-100 h-y-container h-column__content h-column__v-align flex-basis-100\">\n                <!---->\n              <\/div>\n            <\/div>\n          <\/div>\n        <\/div>\n      <\/div>\n    <\/div>\n  <\/div>\n<\/div>","protected":false},"excerpt":{"rendered":"<p>Yksil\u00f6ille Kasvokkaisista yksil\u00f6tapaamisista voimavaroja vahvistaviin nettiryhmiin Tarjoan yksil\u00f6ille ratkaisukeskeist\u00e4 kuvataideterapiaa kasvokkain ja et\u00e4tapaamisina, voimavarakurssia sek\u00e4 voimavararyhmi\u00e4 nettiryhmin\u00e4 ja kasvokkain tapaavina ryhmin\u00e4.&nbsp; Kuvataideterapia soveltuu monenlaiseen yksil\u00f6ty\u00f6skentelyyn ja el\u00e4m\u00e4n haasteiden k\u00e4sittelyyn. El\u00e4m\u00e4n haasteiden k\u00e4sittelyyn sopii my\u00f6s voimavararyhm\u00e4n tai vomavarakurssin ja yksil\u00f6tapaamisten yhdistelm\u00e4, jossa haasteet k\u00e4sitell\u00e4\u00e4n pidemmill\u00e4 kahdenkeskisill\u00e4 tapaamisilla. Voimavarakurssi eroaa nettiv\u00e4litteisest\u00e4 yksil\u00f6terapiasta siten ett\u00e4 teokset tehd\u00e4\u00e4n kotiteht\u00e4v\u00e4n\u00e4 [&hellip;]<\/p>\n","protected":false},"author":1,"featured_media":0,"parent":0,"menu_order":0,"comment_status":"closed","ping_status":"closed","template":"page-templates\/full-width-page.php","meta":{"om_disable_all_campaigns":false,"_monsterinsights_skip_tracking":false,"_monsterinsights_sitenote_active":false,"_monsterinsights_sitenote_note":"","_monsterinsights_sitenote_category":0,"_uf_show_specific_survey":0,"_uf_disable_surveys":false,"footnotes":""},"class_list":["post-159","page","type-page","status-publish","hentry"],"aioseo_notices":[],"_links":{"self":[{"href":"https:\/\/kuvataideterapia.fi\/index.php\/wp-json\/wp\/v2\/pages\/159","targetHints":{"allow":["GET"]}}],"collection":[{"href":"https:\/\/kuvataideterapia.fi\/index.php\/wp-json\/wp\/v2\/pages"}],"about":[{"href":"https:\/\/kuvataideterapia.fi\/index.php\/wp-json\/wp\/v2\/types\/page"}],"author":[{"embeddable":true,"href":"https:\/\/kuvataideterapia.fi\/index.php\/wp-json\/wp\/v2\/users\/1"}],"replies":[{"embeddable":true,"href":"https:\/\/kuvataideterapia.fi\/index.php\/wp-json\/wp\/v2\/comments?post=159"}],"version-history":[{"count":8,"href":"https:\/\/kuvataideterapia.fi\/index.php\/wp-json\/wp\/v2\/pages\/159\/revisions"}],"predecessor-version":[{"id":722,"href":"https:\/\/kuvataideterapia.fi\/index.php\/wp-json\/wp\/v2\/pages\/159\/revisions\/722"}],"wp:attachment":[{"href":"https:\/\/kuvataideterapia.fi\/index.php\/wp-json\/wp\/v2\/media?parent=159"}],"curies":[{"name":"wp","href":"https:\/\/api.w.org\/{rel}","templated":true}]}}